{"id":3383,"date":"2024-05-29T17:32:33","date_gmt":"2024-05-29T15:32:33","guid":{"rendered":"https:\/\/www.ramatsdefoc.org\/projecte\/projecte-exemple\/"},"modified":"2024-06-19T09:31:26","modified_gmt":"2024-06-19T07:31:26","slug":"projecte-exemple","status":"publish","type":"projecte","link":"https:\/\/www.ramatsdefoc.org\/es\/projecte\/projecte-exemple\/","title":{"rendered":"Preservaci\u00f3n de servicios ecosist\u00e9micos"},"content":{"rendered":"\n<p>El objetivo principal del proyecto <a href=\"https:\/\/open2preserve.eu\/\">OPEN2PRESERVE<\/a> fue conectar el conocimiento cient\u00edfico interdisciplinario actual con la tecnolog\u00eda y el funcionamiento pr\u00e1ctico, para implementar y evaluar t\u00e9cnicas combinadas que garanticen la preservaci\u00f3n de los servicios ecosist\u00e9micos vinculados a los espacios abiertos de alto valor natural. Colaboramos a trav\u00e9s de la Fundaci\u00f3n Pau Costa, miembro de Open2Preserve.<\/p>\n\n\n<div class=\"wp-block-image\">\n<figure class=\"aligncenter size-full\"><a href=\"https:\/\/open2preserve.eu\/en\/\"><img decoding=\"async\" width=\"400\" height=\"400\" data-src=\"https:\/\/www.ramatsdefoc.org\/wp-content\/uploads\/2024\/06\/Logo-Interreg.jpg\" alt=\"\" class=\"wp-image-3068 lazyload\" data-srcset=\"https:\/\/www.ramatsdefoc.org\/wp-content\/uploads\/2024\/06\/Logo-Interreg.jpg 400w, https:\/\/www.ramatsdefoc.org\/wp-content\/uploads\/2024\/06\/Logo-Interreg-300x300.jpg 300w, https:\/\/www.ramatsdefoc.org\/wp-content\/uploads\/2024\/06\/Logo-Interreg-150x150.jpg 150w\" data-sizes=\"(max-width: 400px) 100vw, 400px\" src=\"data:image\/svg+xml;base64,PHN2ZyB3aWR0aD0iMSIgaGVpZ2h0PSIxIiB4bWxucz0iaHR0cDovL3d3dy53My5vcmcvMjAwMC9zdmciPjwvc3ZnPg==\" style=\"--smush-placeholder-width: 400px; --smush-placeholder-aspect-ratio: 400\/400;\" \/><\/a><\/figure><\/div>","protected":false},"featured_media":2700,"template":"","class_list":["post-3383","projecte","type-projecte","status-publish","has-post-thumbnail","hentry","resize-featured-image"],"acf":[],"_links":{"self":[{"href":"https:\/\/www.ramatsdefoc.org\/es\/wp-json\/wp\/v2\/projecte\/3383","targetHints":{"allow":["GET"]}}],"collection":[{"href":"https:\/\/www.ramatsdefoc.org\/es\/wp-json\/wp\/v2\/projecte"}],"about":[{"href":"https:\/\/www.ramatsdefoc.org\/es\/wp-json\/wp\/v2\/types\/projecte"}],"wp:featuredmedia":[{"embeddable":true,"href":"https:\/\/www.ramatsdefoc.org\/es\/wp-json\/wp\/v2\/media\/2700"}],"wp:attachment":[{"href":"https:\/\/www.ramatsdefoc.org\/es\/wp-json\/wp\/v2\/media?parent=3383"}],"curies":[{"name":"wp","href":"https:\/\/api.w.org\/{rel}","templated":true}]}}