{"id":3273,"date":"2024-04-28T17:04:15","date_gmt":"2024-04-28T15:04:15","guid":{"rendered":"https:\/\/www.ramatsdefoc.org\/collaboradors\/"},"modified":"2025-03-27T13:25:55","modified_gmt":"2025-03-27T11:25:55","slug":"collaboradors","status":"publish","type":"page","link":"https:\/\/www.ramatsdefoc.org\/es\/collaboradors\/","title":{"rendered":"Colaboradores"},"content":{"rendered":"<div class=\"gb-container gb-container-81d3dffe gbp-section\">\n<div class=\"gb-container gb-container-8f8a6913 gbp-section__inner\">\n<div class=\"gb-container gb-container-87b9564a\">\n\n<div class=\"gb-headline gb-headline-4743833a gb-headline-text gbp-section__tagline\">SOPORTES<\/div>\n\n\n<h1 class=\"gb-headline gb-headline-2cd339e2 gb-headline-text gbp-section__headline\">Colaboradores<\/h1>\n<\/div>\n\n<div class=\"gb-container gb-container-a2c5e90a\">\n\n<div class=\"gb-headline gb-headline-e5d02149 gb-headline-text gbp-section__text\">Desde los inicios del proyecto en 2016, hemos recibido el apoyo de entidades, empresas y organizaciones que nos ha permitido desde empezar hasta expandir nuestra presencia en toda Catalu\u00f1a. Lo m\u00e1s importante es que el apoyo que recibimos nos permite dar respuesta y acompa\u00f1ar a toda la comunidad de \u00abReba\u00f1os de Fuego\u00bb, y fomentar la ganader\u00eda extensiva en general.<\/div>\n\n<\/div>\n<\/div>\n\n<div class=\"gb-container gb-container-953a5ce8\">\n<div class=\"gb-grid-wrapper gb-grid-wrapper-cf27bb6a\">\n<div class=\"gb-grid-column gb-grid-column-f70ed172\"><div class=\"gb-container gb-container-f70ed172\">\n\n<figure class=\"gb-block-image gb-block-image-33fb76c5\"><img decoding=\"async\" width=\"1024\" height=\"633\" class=\"gb-image gb-image-33fb76c5 rdf-img-colaborador lazyload\" data-src=\"https:\/\/www.ramatsdefoc.org\/wp-content\/uploads\/2025\/03\/sentits-2-1024x633.png\" alt=\"\" title=\"sentits 2\" data-srcset=\"https:\/\/www.ramatsdefoc.org\/wp-content\/uploads\/2025\/03\/sentits-2-1024x633.png 1024w, https:\/\/www.ramatsdefoc.org\/wp-content\/uploads\/2025\/03\/sentits-2-300x185.png 300w, https:\/\/www.ramatsdefoc.org\/wp-content\/uploads\/2025\/03\/sentits-2-768x474.png 768w, https:\/\/www.ramatsdefoc.org\/wp-content\/uploads\/2025\/03\/sentits-2.png 1028w\" data-sizes=\"(max-width: 1024px) 100vw, 1024px\" src=\"data:image\/svg+xml;base64,PHN2ZyB3aWR0aD0iMSIgaGVpZ2h0PSIxIiB4bWxucz0iaHR0cDovL3d3dy53My5vcmcvMjAwMC9zdmciPjwvc3ZnPg==\" style=\"--smush-placeholder-width: 1024px; --smush-placeholder-aspect-ratio: 1024\/633;\" \/><\/figure>\n\n\n\n<h3 class=\"gb-headline gb-headline-494fd6bb gb-headline-text gbp-card__title\">Sentits Barcelona <\/h3>\n\n\n\n<div class=\"gb-headline gb-headline-581f39c6 gb-headline-text gbp-card__text\">Apoyan iniciativas que impulsan acciones para preservar nuestro planeta. Para ello, cada a\u00f1ada, escogen un proyecto al cual dan visibilidad en la etiqueta de los vinos Oz\u00f3. Para 2025 escogieron el proyecto Ramts de Foc y parte de los beneficios de la venta del vino ir\u00e1n al proyecto. <\/div>\n\n\n<div class=\"gb-container gb-container-5a229bd9\">\n\n<a class=\"gb-button gb-button-000d8279 gb-button-text btn-primary\" href=\"https:\/\/sentitsbarcelona.com\/\" target=\"_blank\" rel=\"noopener noreferrer\">+Info<\/a>\n\n<\/div>\n<\/div><\/div>\n\n<div class=\"gb-grid-column gb-grid-column-5ac210df\"><div class=\"gb-container gb-container-5ac210df\">\n\n<figure class=\"gb-block-image gb-block-image-5d9e4229\"><img decoding=\"async\" width=\"680\" height=\"433\" class=\"gb-image gb-image-5d9e4229 rdf-img-colaborador lazyload\" data-src=\"https:\/\/www.ramatsdefoc.org\/wp-content\/uploads\/2025\/01\/Logo-sinerges_680x433px_Mesa-de-trabajo-1.png\" alt=\"\" title=\"Logo-sinerges_680x433px_Mesa-de-trabajo-1\" data-srcset=\"https:\/\/www.ramatsdefoc.org\/wp-content\/uploads\/2025\/01\/Logo-sinerges_680x433px_Mesa-de-trabajo-1.png 680w, https:\/\/www.ramatsdefoc.org\/wp-content\/uploads\/2025\/01\/Logo-sinerges_680x433px_Mesa-de-trabajo-1-300x191.png 300w\" data-sizes=\"(max-width: 680px) 100vw, 680px\" src=\"data:image\/svg+xml;base64,PHN2ZyB3aWR0aD0iMSIgaGVpZ2h0PSIxIiB4bWxucz0iaHR0cDovL3d3dy53My5vcmcvMjAwMC9zdmciPjwvc3ZnPg==\" style=\"--smush-placeholder-width: 680px; --smush-placeholder-aspect-ratio: 680\/433;\" \/><\/figure>\n\n\n\n<h3 class=\"gb-headline gb-headline-65067572 gb-headline-text gbp-card__title\">Sinerges Tecmon<\/h3>\n\n\n\n<div class=\"gb-headline gb-headline-3f5bef99 gb-headline-text gbp-card__text\">Sinerges Tecmon (Pallej\u00e0, Barcelona) hizo una donaci\u00f3n a \u00abRamats de Foc\u00bb en 2024. Sinerges es una empresa de comercializaci\u00f3n y distribuci\u00f3n de material t\u00e9cnico para la industria, de soluciones de montaje flexible y sistemas de transporte.<\/div>\n\n\n<div class=\"gb-container gb-container-937371bf\">\n\n<a class=\"gb-button gb-button-0a6d0171 gb-button-text btn-primary\" href=\"https:\/\/www.sinerges.com\/\" target=\"_blank\" rel=\"noopener noreferrer\">+Info<\/a>\n\n<\/div>\n<\/div><\/div>\n\n<div class=\"gb-grid-column gb-grid-column-1ab6f64c\"><div class=\"gb-container gb-container-1ab6f64c\">\n\n<figure class=\"gb-block-image gb-block-image-8e3312d0\"><img decoding=\"async\" width=\"680\" height=\"433\" class=\"gb-image gb-image-8e3312d0 rdf-img-colaborador lazyload\" data-src=\"https:\/\/www.ramatsdefoc.org\/wp-content\/uploads\/2025\/01\/Arrels3.jpg\" alt=\"\" title=\"Arrels3\" data-srcset=\"https:\/\/www.ramatsdefoc.org\/wp-content\/uploads\/2025\/01\/Arrels3.jpg 680w, https:\/\/www.ramatsdefoc.org\/wp-content\/uploads\/2025\/01\/Arrels3-300x191.jpg 300w\" data-sizes=\"(max-width: 680px) 100vw, 680px\" src=\"data:image\/svg+xml;base64,PHN2ZyB3aWR0aD0iMSIgaGVpZ2h0PSIxIiB4bWxucz0iaHR0cDovL3d3dy53My5vcmcvMjAwMC9zdmciPjwvc3ZnPg==\" style=\"--smush-placeholder-width: 680px; --smush-placeholder-aspect-ratio: 680\/433;\" \/><\/figure>\n\n\n\n<h3 class=\"gb-headline gb-headline-706af837 gb-headline-text gbp-card__title\">Revista Arrels<\/h3>\n\n\n\n<div class=\"gb-headline gb-headline-019c894e gb-headline-text gbp-card__text\">Arrels incluye a \u201cRamats de Foc\u201d como proyecto al cual sus nuevos subscriptores pueden escoger para aportar 5\u20ac del coste de su subscripci\u00f3n a la revista.<\/div>\n\n\n<div class=\"gb-container gb-container-a8bd423d\">\n\n<a class=\"gb-button gb-button-da07d46b gb-button-text btn-primary\" href=\"https:\/\/elmonalcalaveu.arrels.info\/\" target=\"_blank\" rel=\"noopener noreferrer\">+Info<\/a>\n\n<\/div>\n<\/div><\/div>\n\n<div class=\"gb-grid-column gb-grid-column-23e36730\"><div class=\"gb-container gb-container-23e36730\">\n\n<figure class=\"gb-block-image gb-block-image-07909ee5\"><img decoding=\"async\" width=\"1023\" height=\"633\" class=\"gb-image gb-image-07909ee5 rdf-img-colaborador lazyload\" data-src=\"https:\/\/www.ramatsdefoc.org\/wp-content\/uploads\/2024\/06\/Disseny-sense-titol-2-1024x1024-1.jpg\" alt=\"\" title=\"Disseny-sense-titol-2-1024x1024\" data-srcset=\"https:\/\/www.ramatsdefoc.org\/wp-content\/uploads\/2024\/06\/Disseny-sense-titol-2-1024x1024-1.jpg 1023w, https:\/\/www.ramatsdefoc.org\/wp-content\/uploads\/2024\/06\/Disseny-sense-titol-2-1024x1024-1-300x186.jpg 300w, https:\/\/www.ramatsdefoc.org\/wp-content\/uploads\/2024\/06\/Disseny-sense-titol-2-1024x1024-1-768x475.jpg 768w\" data-sizes=\"(max-width: 1023px) 100vw, 1023px\" src=\"data:image\/svg+xml;base64,PHN2ZyB3aWR0aD0iMSIgaGVpZ2h0PSIxIiB4bWxucz0iaHR0cDovL3d3dy53My5vcmcvMjAwMC9zdmciPjwvc3ZnPg==\" style=\"--smush-placeholder-width: 1023px; --smush-placeholder-aspect-ratio: 1023\/633;\" \/><\/figure>\n\n\n\n<h3 class=\"gb-headline gb-headline-28a94d15 gb-headline-text gbp-card__title\">Bomberos solidarios<\/h3>\n\n\n\n<div class=\"gb-headline gb-headline-19ff30fb gb-headline-text gbp-card__text\">La recaudaci\u00f3n por la venta de llaveros del proyecto \u00abM\u00e0negues pel clima\u00bb (2024) se destina a apoyar a \u00abReba\u00f1os de Fuego\u00bb.<\/div>\n\n\n<div class=\"gb-container gb-container-bab4fe6b\">\n\n<a class=\"gb-button gb-button-880bfb13 gb-button-text btn-primary\" href=\"https:\/\/www.acebombersbcn.cat\/manegues-pel-clima-nou-projecte-de-bombers-solidaris\/\" target=\"_blank\" rel=\"noopener noreferrer\">+Info<\/a>\n\n<\/div>\n<\/div><\/div>\n\n<div class=\"gb-grid-column gb-grid-column-67de2e3a\"><div class=\"gb-container gb-container-67de2e3a\">\n\n<figure class=\"gb-block-image gb-block-image-b6903a1b\"><img decoding=\"async\" width=\"533\" height=\"355\" class=\"gb-image gb-image-b6903a1b rdf-img-colaborador lazyload\" data-src=\"https:\/\/www.ramatsdefoc.org\/wp-content\/uploads\/2024\/05\/logo-carasso.jpg\" alt=\"\" title=\"logo-carasso\" data-srcset=\"https:\/\/www.ramatsdefoc.org\/wp-content\/uploads\/2024\/05\/logo-carasso.jpg 533w, https:\/\/www.ramatsdefoc.org\/wp-content\/uploads\/2024\/05\/logo-carasso-300x200.jpg 300w\" data-sizes=\"(max-width: 533px) 100vw, 533px\" src=\"data:image\/svg+xml;base64,PHN2ZyB3aWR0aD0iMSIgaGVpZ2h0PSIxIiB4bWxucz0iaHR0cDovL3d3dy53My5vcmcvMjAwMC9zdmciPjwvc3ZnPg==\" style=\"--smush-placeholder-width: 533px; --smush-placeholder-aspect-ratio: 533\/355;\" \/><\/figure>\n\n\n\n<h3 class=\"gb-headline gb-headline-87b4d670 gb-headline-text gbp-card__title\">Fundaci\u00f3n Carasso<\/h3>\n\n\n\n<div class=\"gb-headline gb-headline-b26b79c9 gb-headline-text gbp-card__text\">Su apoyo inicial (2016-2020) permiti\u00f3 llevar a cabo la prueba piloto de \u00abReba\u00f1os de Fuego\u00bb en Girona, y fue clave para hacer realidad este proyecto.<\/div>\n\n\n<div class=\"gb-container gb-container-53b85bc8\">\n\n<a class=\"gb-button gb-button-6ae1eb89 gb-button-text btn-primary\" href=\"https:\/\/www.fondationcarasso.org\/es\/proyectos\/ramats-de-foc\/\" target=\"_blank\" rel=\"noopener noreferrer\">+Info<\/a>\n\n<\/div>\n<\/div><\/div>\n\n<div class=\"gb-grid-column gb-grid-column-e08f2e81\"><div class=\"gb-container gb-container-e08f2e81\">\n\n<figure class=\"gb-block-image gb-block-image-dfda42df\"><img decoding=\"async\" width=\"533\" height=\"355\" class=\"gb-image gb-image-dfda42df rdf-img-colaborador lazyload\" data-src=\"https:\/\/www.ramatsdefoc.org\/wp-content\/uploads\/2024\/05\/logo-fundcajaing.jpg\" alt=\"\" title=\"logo-fundcajaing\" data-srcset=\"https:\/\/www.ramatsdefoc.org\/wp-content\/uploads\/2024\/05\/logo-fundcajaing.jpg 533w, https:\/\/www.ramatsdefoc.org\/wp-content\/uploads\/2024\/05\/logo-fundcajaing-300x200.jpg 300w\" data-sizes=\"(max-width: 533px) 100vw, 533px\" src=\"data:image\/svg+xml;base64,PHN2ZyB3aWR0aD0iMSIgaGVpZ2h0PSIxIiB4bWxucz0iaHR0cDovL3d3dy53My5vcmcvMjAwMC9zdmciPjwvc3ZnPg==\" style=\"--smush-placeholder-width: 533px; --smush-placeholder-aspect-ratio: 533\/355;\" \/><\/figure>\n\n\n\n<h3 class=\"gb-headline gb-headline-3429d006 gb-headline-text gbp-card__title\">Fundaci\u00f3n Caja de Ingenieros<\/h3>\n\n\n\n<div class=\"gb-headline gb-headline-f094711b gb-headline-text gbp-card__text\">Apoyo por el desarrollo general del proyecto; para la acci\u00f3n Paisajes de Fuego y Quesos de Fuego, y para impulsar la certificaci\u00f3n digital de los resultados de pasto (2020-2023).<\/div>\n\n\n<div class=\"gb-container gb-container-c612ad01\">\n\n<a class=\"gb-button gb-button-842f7cde gb-button-text btn-primary\" href=\"https:\/\/www.caixaenginyers.com\/web\/fundacion\/-\/prevencion-de-incendios\" target=\"_blank\" rel=\"noopener noreferrer\">+Info<\/a>\n\n<\/div>\n<\/div><\/div>\n\n<div class=\"gb-grid-column gb-grid-column-4de311bc\"><div class=\"gb-container gb-container-4de311bc\">\n\n<figure class=\"gb-block-image gb-block-image-a9c24ce8\"><img decoding=\"async\" width=\"532\" height=\"355\" class=\"gb-image gb-image-a9c24ce8 rdf-img-colaborador lazyload\" data-src=\"https:\/\/www.ramatsdefoc.org\/wp-content\/uploads\/2024\/05\/logo-bonpreu.jpg\" alt=\"\" title=\"logo-bonpreu\" data-srcset=\"https:\/\/www.ramatsdefoc.org\/wp-content\/uploads\/2024\/05\/logo-bonpreu.jpg 532w, https:\/\/www.ramatsdefoc.org\/wp-content\/uploads\/2024\/05\/logo-bonpreu-300x200.jpg 300w\" data-sizes=\"(max-width: 532px) 100vw, 532px\" src=\"data:image\/svg+xml;base64,PHN2ZyB3aWR0aD0iMSIgaGVpZ2h0PSIxIiB4bWxucz0iaHR0cDovL3d3dy53My5vcmcvMjAwMC9zdmciPjwvc3ZnPg==\" style=\"--smush-placeholder-width: 532px; --smush-placeholder-aspect-ratio: 532\/355;\" \/><\/figure>\n\n\n\n<h3 class=\"gb-headline gb-headline-c3c286f4 gb-headline-text gbp-card__title\">Bonpreu Esclat<\/h3>\n\n\n\n<div class=\"gb-headline gb-headline-f9db1a90 gb-headline-text gbp-card__text\">En 2023 los supermercados Bonpreu hicieron una campa\u00f1a de redondeo para el proyecto. Esta campa\u00f1a se realiz\u00f3 a trav\u00e9s de la empresa Worldcoo.<\/div>\n\n\n<div class=\"gb-container gb-container-ed4b1c1e\">\n\n<a class=\"gb-button gb-button-13e4adbe gb-button-text btn-primary\" href=\"\/\/bonpreu.worldcoo.com\/ce0d56d2-4503-4e54-9ec6-77b7cd5c1938\" target=\"_blank\" rel=\"noopener noreferrer\">+Info<\/a>\n\n<\/div>\n<\/div><\/div>\n\n<div class=\"gb-grid-column gb-grid-column-dc9a8f7c\"><div class=\"gb-container gb-container-dc9a8f7c\">\n\n<figure class=\"gb-block-image gb-block-image-9cc975e2\"><img decoding=\"async\" width=\"532\" height=\"355\" class=\"gb-image gb-image-9cc975e2 rdf-img-colaborador lazyload\" data-src=\"https:\/\/www.ramatsdefoc.org\/wp-content\/uploads\/2024\/05\/logo-bbva.jpg\" alt=\"\" title=\"logo-bbva\" data-srcset=\"https:\/\/www.ramatsdefoc.org\/wp-content\/uploads\/2024\/05\/logo-bbva.jpg 532w, https:\/\/www.ramatsdefoc.org\/wp-content\/uploads\/2024\/05\/logo-bbva-300x200.jpg 300w\" data-sizes=\"(max-width: 532px) 100vw, 532px\" src=\"data:image\/svg+xml;base64,PHN2ZyB3aWR0aD0iMSIgaGVpZ2h0PSIxIiB4bWxucz0iaHR0cDovL3d3dy53My5vcmcvMjAwMC9zdmciPjwvc3ZnPg==\" style=\"--smush-placeholder-width: 532px; --smush-placeholder-aspect-ratio: 532\/355;\" \/><\/figure>\n\n\n\n<h3 class=\"gb-headline gb-headline-f6b74639 gb-headline-text gbp-card__title\">BBVA<\/h3>\n\n\n\n<div class=\"gb-headline gb-headline-a3913f13 gb-headline-text gbp-card__text\">Apoyo en la expansi\u00f3n de \u00abReba\u00f1os de Fuego\u00bb en toda Catalu\u00f1a (2022-2023)<\/div>\n\n\n<div class=\"gb-container gb-container-cdac5f82\">\n\n<a class=\"gb-button gb-button-72dc0b5d gb-button-text btn-primary\" href=\"https:\/\/www.bbva.com\/es\/juntos-creando-oportunidades\/rebanos-de-fuego-gestion-sostenible-del-riesgo-de-incendios-forestales\/\" target=\"_blank\" rel=\"noopener noreferrer\">+Info<\/a>\n\n<\/div>\n<\/div><\/div>\n\n<div class=\"gb-grid-column gb-grid-column-7d2b3c54\"><div class=\"gb-container gb-container-7d2b3c54\">\n\n<figure class=\"gb-block-image gb-block-image-b7e4b150\"><img decoding=\"async\" width=\"533\" height=\"355\" class=\"gb-image gb-image-b7e4b150 rdf-img-colaborador lazyload\" data-src=\"https:\/\/www.ramatsdefoc.org\/wp-content\/uploads\/2024\/05\/logo-sonar.jpg\" alt=\"\" title=\"logo-sonar\" data-srcset=\"https:\/\/www.ramatsdefoc.org\/wp-content\/uploads\/2024\/05\/logo-sonar.jpg 533w, https:\/\/www.ramatsdefoc.org\/wp-content\/uploads\/2024\/05\/logo-sonar-300x200.jpg 300w\" data-sizes=\"(max-width: 533px) 100vw, 533px\" src=\"data:image\/svg+xml;base64,PHN2ZyB3aWR0aD0iMSIgaGVpZ2h0PSIxIiB4bWxucz0iaHR0cDovL3d3dy53My5vcmcvMjAwMC9zdmciPjwvc3ZnPg==\" style=\"--smush-placeholder-width: 533px; --smush-placeholder-aspect-ratio: 533\/355;\" \/><\/figure>\n\n\n\n<h3 class=\"gb-headline gb-headline-1732dbeb gb-headline-text gbp-card__title\">Festival S\u00f3nar<\/h3>\n\n\n\n<div class=\"gb-headline gb-headline-94cf2c31 gb-headline-text gbp-card__text\">En 2023 y 2024 el S\u00f3nar aport\u00f3 parte de su recaudaci\u00f3n de las invitaciones al proyecto. Adem\u00e1s, ofreci\u00f3 productos  de los reba\u00f1os asociados al proyecto en el catering que sirve en la zona VIP.<\/div>\n\n\n<div class=\"gb-container gb-container-27122d92\">\n\n<a class=\"gb-button gb-button-319bdcdd gb-button-text btn-primary\" href=\"https:\/\/sonar.es\/ca\/about\/compromisos\" target=\"_blank\" rel=\"noopener noreferrer\">+Info<\/a>\n\n<\/div>\n<\/div><\/div>\n\n<div class=\"gb-grid-column gb-grid-column-f37e504c\"><div class=\"gb-container gb-container-f37e504c\">\n\n<figure class=\"gb-block-image gb-block-image-9c301d9e\"><img decoding=\"async\" width=\"533\" height=\"355\" class=\"gb-image gb-image-9c301d9e rdf-img-colaborador lazyload\" data-src=\"https:\/\/www.ramatsdefoc.org\/wp-content\/uploads\/2024\/05\/logo-dipba.jpg\" alt=\"\" title=\"logo-dipba\" data-srcset=\"https:\/\/www.ramatsdefoc.org\/wp-content\/uploads\/2024\/05\/logo-dipba.jpg 533w, https:\/\/www.ramatsdefoc.org\/wp-content\/uploads\/2024\/05\/logo-dipba-300x200.jpg 300w\" data-sizes=\"(max-width: 533px) 100vw, 533px\" src=\"data:image\/svg+xml;base64,PHN2ZyB3aWR0aD0iMSIgaGVpZ2h0PSIxIiB4bWxucz0iaHR0cDovL3d3dy53My5vcmcvMjAwMC9zdmciPjwvc3ZnPg==\" style=\"--smush-placeholder-width: 533px; --smush-placeholder-aspect-ratio: 533\/355;\" \/><\/figure>\n\n\n\n<h3 class=\"gb-headline gb-headline-82e11535 gb-headline-text gbp-card__title\">Diputaci\u00f3n de Barcelona<\/h3>\n\n\n\n<div class=\"gb-headline gb-headline-18f143fd gb-headline-text gbp-card__text\">Escribimos la gu\u00eda para la gesti\u00f3n agroforestal mediante la silvopastura (2021-2022).<\/div>\n\n\n<div class=\"gb-container gb-container-a8ef2d8b\">\n\n<a class=\"gb-button gb-button-de7dec17 gb-button-text btn-primary\" href=\"#\">+Info<\/a>\n\n<\/div>\n<\/div><\/div>\n\n<div class=\"gb-grid-column gb-grid-column-8bab3d7c\"><div class=\"gb-container gb-container-8bab3d7c\">\n\n<figure class=\"gb-block-image gb-block-image-fa00471c\"><img decoding=\"async\" width=\"532\" height=\"355\" class=\"gb-image gb-image-fa00471c rdf-img-colaborador lazyload\" data-src=\"https:\/\/www.ramatsdefoc.org\/wp-content\/uploads\/2024\/05\/logo-xcn.jpg\" alt=\"\" title=\"logo-xcn\" data-srcset=\"https:\/\/www.ramatsdefoc.org\/wp-content\/uploads\/2024\/05\/logo-xcn.jpg 532w, https:\/\/www.ramatsdefoc.org\/wp-content\/uploads\/2024\/05\/logo-xcn-300x200.jpg 300w\" data-sizes=\"(max-width: 532px) 100vw, 532px\" src=\"data:image\/svg+xml;base64,PHN2ZyB3aWR0aD0iMSIgaGVpZ2h0PSIxIiB4bWxucz0iaHR0cDovL3d3dy53My5vcmcvMjAwMC9zdmciPjwvc3ZnPg==\" style=\"--smush-placeholder-width: 532px; --smush-placeholder-aspect-ratio: 532\/355;\" \/><\/figure>\n\n\n\n<h3 class=\"gb-headline gb-headline-d65ae8b8 gb-headline-text gbp-card__title\">Red para la conservaci\u00f3n de la naturaleza<\/h3>\n\n\n\n<div class=\"gb-headline gb-headline-4b296c9b gb-headline-text gbp-card__text\">Incluy\u00f3 \u00abReba\u00f1os de Fuego\u00bb en una campa\u00f1a de redondeo de los restaurantes Viena para poder fomentar servicios ganaderos en el espacio de inter\u00e9s natural de la Serra de Llaberia (2023). <\/div>\n\n\n<div class=\"gb-container gb-container-2e627ed6\">\n\n<a class=\"gb-button gb-button-985933ae gb-button-text btn-primary\" href=\"https:\/\/xcn.cat\/actualitat\/5-projectes-financats-a-traves-de-larrodoniment-solidari-centim-a-centim-prevenim-els-incendis\/\" target=\"_blank\" rel=\"noopener noreferrer\">+Info<\/a>\n\n<\/div>\n<\/div><\/div>\n\n<div class=\"gb-grid-column gb-grid-column-d7670f46\"><div class=\"gb-container gb-container-d7670f46\">\n\n<figure class=\"gb-block-image gb-block-image-59a16b6f\"><img decoding=\"async\" width=\"532\" height=\"355\" class=\"gb-image gb-image-59a16b6f rdf-img-colaborador lazyload\" data-src=\"https:\/\/www.ramatsdefoc.org\/wp-content\/uploads\/2024\/05\/logo-caixabank.jpg\" alt=\"\" title=\"logo-caixabank\" data-srcset=\"https:\/\/www.ramatsdefoc.org\/wp-content\/uploads\/2024\/05\/logo-caixabank.jpg 532w, https:\/\/www.ramatsdefoc.org\/wp-content\/uploads\/2024\/05\/logo-caixabank-300x200.jpg 300w\" data-sizes=\"(max-width: 532px) 100vw, 532px\" src=\"data:image\/svg+xml;base64,PHN2ZyB3aWR0aD0iMSIgaGVpZ2h0PSIxIiB4bWxucz0iaHR0cDovL3d3dy53My5vcmcvMjAwMC9zdmciPjwvc3ZnPg==\" style=\"--smush-placeholder-width: 532px; --smush-placeholder-aspect-ratio: 532\/355;\" \/><\/figure>\n\n\n\n<h3 class=\"gb-headline gb-headline-248a0672 gb-headline-text gbp-card__title\">CaixaBank<\/h3>\n\n\n\n<div class=\"gb-headline gb-headline-277cfe60 gb-headline-text gbp-card__text\">En 2023 nos apoy\u00f3 para la implementaci\u00f3n de \u00abReba\u00f1os de Fuego\u00bb en el Parque Natural del Montnegre-Corredor.<\/div>\n\n\n<div class=\"gb-container gb-container-115bc0f7\">\n\n<a class=\"gb-button gb-button-09ea9a82 gb-button-text btn-primary\" href=\"#\">+Info<\/a>\n\n<\/div>\n<\/div><\/div>\n\n<div class=\"gb-grid-column gb-grid-column-5c822a73\"><div class=\"gb-container gb-container-5c822a73\">\n\n<figure class=\"gb-block-image gb-block-image-92d0e8c7\"><img decoding=\"async\" width=\"532\" height=\"355\" class=\"gb-image gb-image-92d0e8c7 rdf-img-colaborador lazyload\" data-src=\"https:\/\/www.ramatsdefoc.org\/wp-content\/uploads\/2024\/05\/logo-correos.jpg\" alt=\"\" title=\"logo-correos\" data-srcset=\"https:\/\/www.ramatsdefoc.org\/wp-content\/uploads\/2024\/05\/logo-correos.jpg 532w, https:\/\/www.ramatsdefoc.org\/wp-content\/uploads\/2024\/05\/logo-correos-300x200.jpg 300w\" data-sizes=\"(max-width: 532px) 100vw, 532px\" src=\"data:image\/svg+xml;base64,PHN2ZyB3aWR0aD0iMSIgaGVpZ2h0PSIxIiB4bWxucz0iaHR0cDovL3d3dy53My5vcmcvMjAwMC9zdmciPjwvc3ZnPg==\" style=\"--smush-placeholder-width: 532px; --smush-placeholder-aspect-ratio: 532\/355;\" \/><\/figure>\n\n\n\n<h3 class=\"gb-headline gb-headline-373d2bd0 gb-headline-text gbp-card__title\">Correos<\/h3>\n\n\n\n<div class=\"gb-headline gb-headline-f5732973 gb-headline-text gbp-card__text\">En 2023 Correos hizo una campa\u00f1a de redondeo para el proyecto. Esta campa\u00f1a se realiz\u00f3 a trav\u00e9s de la empresa Worldcoo.<\/div>\n\n\n<div class=\"gb-container gb-container-0038d587\">\n\n<a class=\"gb-button gb-button-f90048c2 gb-button-text btn-primary\" href=\"https:\/\/correos.worldcoo.com\/9876f1a5-e18c-45ec-8fff-ca256503117e\" target=\"_blank\" rel=\"noopener noreferrer\">+Info<\/a>\n\n<\/div>\n<\/div><\/div>\n\n<div class=\"gb-grid-column gb-grid-column-91c2df61\"><div class=\"gb-container gb-container-91c2df61\">\n\n<figure class=\"gb-block-image gb-block-image-7a396712\"><img decoding=\"async\" width=\"533\" height=\"355\" class=\"gb-image gb-image-7a396712 rdf-img-colaborador lazyload\" data-src=\"https:\/\/www.ramatsdefoc.org\/wp-content\/uploads\/2024\/05\/logo-dipta.jpg\" alt=\"\" title=\"logo-dipta\" data-srcset=\"https:\/\/www.ramatsdefoc.org\/wp-content\/uploads\/2024\/05\/logo-dipta.jpg 533w, https:\/\/www.ramatsdefoc.org\/wp-content\/uploads\/2024\/05\/logo-dipta-300x200.jpg 300w\" data-sizes=\"(max-width: 533px) 100vw, 533px\" src=\"data:image\/svg+xml;base64,PHN2ZyB3aWR0aD0iMSIgaGVpZ2h0PSIxIiB4bWxucz0iaHR0cDovL3d3dy53My5vcmcvMjAwMC9zdmciPjwvc3ZnPg==\" style=\"--smush-placeholder-width: 533px; --smush-placeholder-aspect-ratio: 533\/355;\" \/><\/figure>\n\n\n\n<h3 class=\"gb-headline gb-headline-1fb44fc4 gb-headline-text gbp-card__title\">Diputaci\u00f3n de Tarragona<\/h3>\n\n\n\n<div class=\"gb-headline gb-headline-68e1cbb9 gb-headline-text gbp-card__text\">Subvenci\u00f3n para implementar \u00abReba\u00f1os de fuego\u00bb en las monta\u00f1as de Prades con una aportaci\u00f3n de 24.375\u20ac en 2021. Y en 2020 para la prevenci\u00f3n de incendios forestales y fomentar la silvopastura en la provincia de Tarragona&nbsp;con un importe de 7.500\u20ac.<\/div>\n\n\n<div class=\"gb-container gb-container-4aa2803d\">\n\n<a class=\"gb-button gb-button-21545395 gb-button-text btn-primary\" href=\"https:\/\/www.dipta.cat\/\" target=\"_blank\" rel=\"noopener noreferrer\">+Info<\/a>\n\n<\/div>\n<\/div><\/div>\n\n<div class=\"gb-grid-column gb-grid-column-95dd4280\"><div class=\"gb-container gb-container-95dd4280\">\n\n<figure class=\"gb-block-image gb-block-image-347e74af\"><img decoding=\"async\" width=\"532\" height=\"355\" class=\"gb-image gb-image-347e74af rdf-img-colaborador lazyload\" data-src=\"https:\/\/www.ramatsdefoc.org\/wp-content\/uploads\/2024\/05\/logo-diplleida.jpg\" alt=\"\" title=\"logo-diplleida\" data-srcset=\"https:\/\/www.ramatsdefoc.org\/wp-content\/uploads\/2024\/05\/logo-diplleida.jpg 532w, https:\/\/www.ramatsdefoc.org\/wp-content\/uploads\/2024\/05\/logo-diplleida-300x200.jpg 300w\" data-sizes=\"(max-width: 532px) 100vw, 532px\" src=\"data:image\/svg+xml;base64,PHN2ZyB3aWR0aD0iMSIgaGVpZ2h0PSIxIiB4bWxucz0iaHR0cDovL3d3dy53My5vcmcvMjAwMC9zdmciPjwvc3ZnPg==\" style=\"--smush-placeholder-width: 532px; --smush-placeholder-aspect-ratio: 532\/355;\" \/><\/figure>\n\n\n\n<h3 class=\"gb-headline gb-headline-53c00345 gb-headline-text gbp-card__title\">Diputaci\u00f3n de Lleida<\/h3>\n\n\n\n<div class=\"gb-headline gb-headline-27a3f8ab gb-headline-text gbp-card__text\">Recibimos una ayuda de la Diputaci\u00f3n de Lleida para realizar un diagn\u00f3stico y plan de acci\u00f3n para la implementaci\u00f3n de \u00abReba\u00f1os de Fuego\u00bb en la Baronia de Rialb (2022-2023).<\/div>\n\n\n<div class=\"gb-container gb-container-c9f39ba2\">\n\n<a class=\"gb-button gb-button-916cd8e9 gb-button-text btn-primary\" href=\"https:\/\/www.ramatsdefoc.org\/es\/nou-ajut-de-la-diputacio-de-lleida-2\/\" target=\"_blank\" rel=\"noopener noreferrer\">+Info<\/a>\n\n<\/div>\n<\/div><\/div>\n<\/div>\n<\/div>\n<\/div>","protected":false},"excerpt":{"rendered":"<p>SOPORTES Colaboradores Desde los inicios del proyecto en 2016, hemos recibido el apoyo de entidades, empresas y organizaciones que nos ha permitido desde empezar hasta expandir nuestra presencia en toda Catalu\u00f1a. Lo m\u00e1s importante es &#8230; <a title=\"Colaboradores\" class=\"read-more\" href=\"https:\/\/www.ramatsdefoc.org\/es\/collaboradors\/\" aria-label=\"Leer m\u00e1s sobre Colaboradores\">Llegir m\u00e9s<\/a><\/p>\n","protected":false},"author":4,"featured_media":0,"parent":0,"menu_order":0,"comment_status":"closed","ping_status":"closed","template":"","meta":{"_acf_changed":false,"footnotes":""},"class_list":["post-3273","page","type-page","status-publish"],"acf":[],"_links":{"self":[{"href":"https:\/\/www.ramatsdefoc.org\/es\/wp-json\/wp\/v2\/pages\/3273","targetHints":{"allow":["GET"]}}],"collection":[{"href":"https:\/\/www.ramatsdefoc.org\/es\/wp-json\/wp\/v2\/pages"}],"about":[{"href":"https:\/\/www.ramatsdefoc.org\/es\/wp-json\/wp\/v2\/types\/page"}],"author":[{"embeddable":true,"href":"https:\/\/www.ramatsdefoc.org\/es\/wp-json\/wp\/v2\/users\/4"}],"replies":[{"embeddable":true,"href":"https:\/\/www.ramatsdefoc.org\/es\/wp-json\/wp\/v2\/comments?post=3273"}],"version-history":[{"count":14,"href":"https:\/\/www.ramatsdefoc.org\/es\/wp-json\/wp\/v2\/pages\/3273\/revisions"}],"predecessor-version":[{"id":4184,"href":"https:\/\/www.ramatsdefoc.org\/es\/wp-json\/wp\/v2\/pages\/3273\/revisions\/4184"}],"wp:attachment":[{"href":"https:\/\/www.ramatsdefoc.org\/es\/wp-json\/wp\/v2\/media?parent=3273"}],"curies":[{"name":"wp","href":"https:\/\/api.w.org\/{rel}","templated":true}]}}