{"id":1941,"date":"2022-12-01T13:53:32","date_gmt":"2022-12-01T11:53:32","guid":{"rendered":"https:\/\/www.ramatsdefoc.org\/?post_type=fitxa_cataleg&#038;p=1941"},"modified":"2024-07-11T16:39:02","modified_gmt":"2024-07-11T14:39:02","slug":"sergi-serra-2","status":"publish","type":"fitxa_cataleg","link":"https:\/\/www.ramatsdefoc.org\/es\/fitxa_cataleg\/sergi-serra-2\/","title":{"rendered":"Sergi Serra"},"content":{"rendered":"\n<p>A parte de su actividad ganadera y en la restauraci\u00f3n, donde deriva principalmente quesos que produce, que tambi\u00e9n vende directamente, Sergi acoge en su explotaci\u00f3n a escuelas, grupos de escoltas y otros colectivos de poblaci\u00f3n generalmente urbana, para ofrecer educaci\u00f3n y sensibilizaci\u00f3n ambiental. Cumple la imporante funci\u00f3n de ense\u00f1ar de primera mano la realidad del sector ganadero, la gesti\u00f3n del riesgo de incendios y las particularidades de un modelo de vida diferente al predominante en el territorio catal\u00e1n.<\/p>\n\n\n\n<p>Sergi quiere ampliar el reba\u00f1o hasta el doble actual y ve en \u00abRamats de Foc\u00bb la oportunidad para luchar por el reconocimiento de su labor en la gesti\u00f3n del territorio, as\u00ed como una v\u00eda de apoyo y asesoramiento.<\/p>\n\n\n\n<figure class=\"wp-block-image\"><img decoding=\"async\" width=\"1024\" height=\"683\" data-src=\"https:\/\/www.ramatsdefoc.org\/wp-content\/uploads\/2023\/01\/SERGI_RAMATSDEFOC_14_websize-1024x683-1.jpg\" alt=\"\" class=\"wp-image-1937 lazyload\" data-srcset=\"https:\/\/www.ramatsdefoc.org\/wp-content\/uploads\/2023\/01\/SERGI_RAMATSDEFOC_14_websize-1024x683-1.jpg 1024w, https:\/\/www.ramatsdefoc.org\/wp-content\/uploads\/2023\/01\/SERGI_RAMATSDEFOC_14_websize-1024x683-1-300x200.jpg 300w, https:\/\/www.ramatsdefoc.org\/wp-content\/uploads\/2023\/01\/SERGI_RAMATSDEFOC_14_websize-1024x683-1-768x512.jpg 768w\" data-sizes=\"(max-width: 1024px) 100vw, 1024px\" src=\"data:image\/svg+xml;base64,PHN2ZyB3aWR0aD0iMSIgaGVpZ2h0PSIxIiB4bWxucz0iaHR0cDovL3d3dy53My5vcmcvMjAwMC9zdmciPjwvc3ZnPg==\" style=\"--smush-placeholder-width: 1024px; --smush-placeholder-aspect-ratio: 1024\/683;\" \/><\/figure>\n","protected":false},"featured_media":1813,"template":"","activitat":[177],"producte":[165],"class_list":["post-1941","fitxa_cataleg","type-fitxa_cataleg","status-publish","has-post-thumbnail","hentry","activitat-ganadero-a","producte-quesos-de-cabra","resize-featured-image"],"acf":{"localitat":"Capafonts","comarca":"Baix Camp","certificacio_ecologica":"no","telefon":"","email":"","pagina_web":"","ramat":"50 cabres de ra\u00e7a florida","venta_directa":"","relacio_proveidors":null,"tipus_establiment":["ramader"],"productes":["formatge_cabra"]},"_links":{"self":[{"href":"https:\/\/www.ramatsdefoc.org\/es\/wp-json\/wp\/v2\/fitxa_cataleg\/1941","targetHints":{"allow":["GET"]}}],"collection":[{"href":"https:\/\/www.ramatsdefoc.org\/es\/wp-json\/wp\/v2\/fitxa_cataleg"}],"about":[{"href":"https:\/\/www.ramatsdefoc.org\/es\/wp-json\/wp\/v2\/types\/fitxa_cataleg"}],"wp:featuredmedia":[{"embeddable":true,"href":"https:\/\/www.ramatsdefoc.org\/es\/wp-json\/wp\/v2\/media\/1813"}],"wp:attachment":[{"href":"https:\/\/www.ramatsdefoc.org\/es\/wp-json\/wp\/v2\/media?parent=1941"}],"wp:term":[{"taxonomy":"activitat","embeddable":true,"href":"https:\/\/www.ramatsdefoc.org\/es\/wp-json\/wp\/v2\/activitat?post=1941"},{"taxonomy":"producte","embeddable":true,"href":"https:\/\/www.ramatsdefoc.org\/es\/wp-json\/wp\/v2\/producte?post=1941"}],"curies":[{"name":"wp","href":"https:\/\/api.w.org\/{rel}","templated":true}]}}