{"id":1158,"date":"2022-06-29T19:54:38","date_gmt":"2022-06-29T17:54:38","guid":{"rendered":"https:\/\/www.ramatsdefoc.org\/?post_type=fitxa_cataleg&#038;p=1158"},"modified":"2026-01-13T16:03:55","modified_gmt":"2026-01-13T14:03:55","slug":"pau","status":"publish","type":"fitxa_cataleg","link":"https:\/\/www.ramatsdefoc.org\/es\/fitxa_cataleg\/pau\/","title":{"rendered":"Pau Figueras de L\u00e1cteos Pauet"},"content":{"rendered":"\n<p>Las manadas de cabra de leche y oveja de carne de raza\u00a0ripollesa son la base de los productos que ofrece L\u00e1cticos\u00a0Pauet. Las manadas de esta empresa familiar est\u00e1n formados por setecientos jefes que pacen expresamente en un bosque mixto de pino carrasco y encina para impedir la propagaci\u00f3n del fuego y, a la vez, facilitan el acceso a pie en tareas de extinci\u00f3n. Su ganader\u00eda es responsable: no utilizan antibi\u00f3ticos, pesticidas ni herbicidas para el cultivo y recolecci\u00f3n de sus productos y para la elaboraci\u00f3n de los l\u00e1cticos solo utilizan leche 100% natural y\u00a0fermentos.<\/p>\n","protected":false},"featured_media":778,"template":"","activitat":[177],"producte":[185,183,165,189,167,193],"class_list":["post-1158","fitxa_cataleg","type-fitxa_cataleg","status-publish","has-post-thumbnail","hentry","activitat-ganadero-a","producte-cabrito","producte-cordero","producte-quesos-de-cabra","producte-quesos-de-oveja","producte-yogur-de-cabra","producte-yogur-de-oveja","resize-featured-image"],"acf":{"localitat":"Jafre","comarca":"Baix Empord\u00e0","certificacio_ecologica":"si","telefon":"675 56 66 08","email":"lacticspauet@gmail.com","pagina_web":"https:\/\/lacticspauet.com","ramat":"","venta_directa":"si","relacio_proveidors":"","tipus_establiment":["ramader"],"productes":["xai","formatge_cabra","iogurt_cabra"]},"_links":{"self":[{"href":"https:\/\/www.ramatsdefoc.org\/es\/wp-json\/wp\/v2\/fitxa_cataleg\/1158","targetHints":{"allow":["GET"]}}],"collection":[{"href":"https:\/\/www.ramatsdefoc.org\/es\/wp-json\/wp\/v2\/fitxa_cataleg"}],"about":[{"href":"https:\/\/www.ramatsdefoc.org\/es\/wp-json\/wp\/v2\/types\/fitxa_cataleg"}],"wp:featuredmedia":[{"embeddable":true,"href":"https:\/\/www.ramatsdefoc.org\/es\/wp-json\/wp\/v2\/media\/778"}],"wp:attachment":[{"href":"https:\/\/www.ramatsdefoc.org\/es\/wp-json\/wp\/v2\/media?parent=1158"}],"wp:term":[{"taxonomy":"activitat","embeddable":true,"href":"https:\/\/www.ramatsdefoc.org\/es\/wp-json\/wp\/v2\/activitat?post=1158"},{"taxonomy":"producte","embeddable":true,"href":"https:\/\/www.ramatsdefoc.org\/es\/wp-json\/wp\/v2\/producte?post=1158"}],"curies":[{"name":"wp","href":"https:\/\/api.w.org\/{rel}","templated":true}]}}